{"id":121,"date":"2025-09-29T15:01:09","date_gmt":"2025-09-29T15:01:09","guid":{"rendered":"https:\/\/staging.drk-luebbecke.de\/?page_id=121"},"modified":"2026-02-14T16:15:34","modified_gmt":"2026-02-14T16:15:34","slug":"altkleidersammlung","status":"publish","type":"page","link":"https:\/\/staging.drk-luebbecke.de\/index.php\/drkov\/altkleidersammlung\/","title":{"rendered":"Altkleidersammlung"},"content":{"rendered":"\t\t<div data-elementor-type=\"wp-page\" data-elementor-id=\"121\" class=\"elementor elementor-121\">\n\t\t\t\t<div class=\"elementor-element elementor-element-b3d96a2 e-con-full e-flex e-con e-parent\" data-id=\"b3d96a2\" data-element_type=\"container\" data-e-type=\"container\">\n\t\t\t\t<div class=\"elementor-element elementor-element-a56bf25 elementor-widget elementor-widget-text-editor\" data-id=\"a56bf25\" data-element_type=\"widget\" data-e-type=\"widget\" data-widget_type=\"text-editor.default\">\n\t\t\t\t\t\t\t\t\t<p>Leider k\u00f6nnen wir keine Kleiderspenden annehmen.<\/p>\n<p>Seit Beginn 2025 tritt eine neue EU-Richtlinie in Kraft. Dadurch soll Sorge getragen werden, dass mehr Textilfasern dem Recycling zur Verf\u00fcgung stehen.<\/p>\n<div class=\"uk-panel uk-column-1-2@m uk-column-1-1@s uk-margin\">\n<p>Ein Grund daf\u00fcr liegt in der aktuellen Marktsituation:<br>Die Textilbranche erlebt einen Einbruch, wodurch unser Partner f\u00fcr Textilrecycling keine weiteren Kleidungsst\u00fccke mehr aufnehmen.<\/p>\n<p>In den letzten Jahren hat sich das Aufkommen an Textilien verdreifacht, was zu einer \u00dcberf\u00fcllung der Sammelcontainer f\u00fchrt. Zudem hat sich die Qualit\u00e4t der gespendeten Kleidung verschlechtert, was die Anzahl potenzieller Abnehmer reduziert.<\/p>\n<\/div>\t\t\t\t\t\t\t\t<\/div>\n\t\t\t\t<\/div>\n\t\t\t\t<\/div>\n\t\t","protected":false},"excerpt":{"rendered":"<p>Leider k\u00f6nnen wir keine Kleiderspenden annehmen. Seit Beginn 2025 tritt eine neue EU-Richtlinie in Kraft. Dadurch soll Sorge getragen werden, dass mehr Textilfasern dem Recycling zur Verf\u00fcgung stehen. Ein Grund daf\u00fcr liegt in der aktuellen Marktsituation:Die Textilbranche erlebt einen Einbruch, wodurch unser Partner f\u00fcr Textilrecycling keine weiteren Kleidungsst\u00fccke mehr aufnehmen. In den letzten Jahren hat [&hellip;]<\/p>\n","protected":false},"author":1,"featured_media":105,"parent":2,"menu_order":0,"comment_status":"closed","ping_status":"closed","template":"","meta":{"footnotes":""},"class_list":["post-121","page","type-page","status-publish","has-post-thumbnail","hentry"],"_links":{"self":[{"href":"https:\/\/staging.drk-luebbecke.de\/index.php\/wp-json\/wp\/v2\/pages\/121","targetHints":{"allow":["GET"]}}],"collection":[{"href":"https:\/\/staging.drk-luebbecke.de\/index.php\/wp-json\/wp\/v2\/pages"}],"about":[{"href":"https:\/\/staging.drk-luebbecke.de\/index.php\/wp-json\/wp\/v2\/types\/page"}],"author":[{"embeddable":true,"href":"https:\/\/staging.drk-luebbecke.de\/index.php\/wp-json\/wp\/v2\/users\/1"}],"replies":[{"embeddable":true,"href":"https:\/\/staging.drk-luebbecke.de\/index.php\/wp-json\/wp\/v2\/comments?post=121"}],"version-history":[{"count":21,"href":"https:\/\/staging.drk-luebbecke.de\/index.php\/wp-json\/wp\/v2\/pages\/121\/revisions"}],"predecessor-version":[{"id":395,"href":"https:\/\/staging.drk-luebbecke.de\/index.php\/wp-json\/wp\/v2\/pages\/121\/revisions\/395"}],"up":[{"embeddable":true,"href":"https:\/\/staging.drk-luebbecke.de\/index.php\/wp-json\/wp\/v2\/pages\/2"}],"wp:featuredmedia":[{"embeddable":true,"href":"https:\/\/staging.drk-luebbecke.de\/index.php\/wp-json\/wp\/v2\/media\/105"}],"wp:attachment":[{"href":"https:\/\/staging.drk-luebbecke.de\/index.php\/wp-json\/wp\/v2\/media?parent=121"}],"curies":[{"name":"wp","href":"https:\/\/api.w.org\/{rel}","templated":true}]}}