{"id":359,"date":"2026-01-24T17:45:57","date_gmt":"2026-01-24T17:45:57","guid":{"rendered":"https:\/\/staging.drk-luebbecke.de\/?page_id=359"},"modified":"2026-02-01T16:23:05","modified_gmt":"2026-02-01T16:23:05","slug":"fuhrpark","status":"publish","type":"page","link":"https:\/\/staging.drk-luebbecke.de\/index.php\/drkov\/fuhrpark\/","title":{"rendered":"Fuhrpark"},"content":{"rendered":"\t\t<div data-elementor-type=\"wp-page\" data-elementor-id=\"359\" class=\"elementor elementor-359\">\n\t\t\t\t<div class=\"elementor-element elementor-element-3fcd988 e-con-full e-flex e-con e-parent\" data-id=\"3fcd988\" data-element_type=\"container\" data-e-type=\"container\">\n\t\t<div class=\"elementor-element elementor-element-e51c723 e-flex e-con-boxed e-con e-child\" data-id=\"e51c723\" data-element_type=\"container\" data-e-type=\"container\">\n\t\t\t\t\t<div class=\"e-con-inner\">\n\t\t\t\t\t<\/div>\n\t\t\t\t<\/div>\n\t\t\t\t<div class=\"elementor-element elementor-element-3f41005 elementor-widget elementor-widget-heading\" data-id=\"3f41005\" data-element_type=\"widget\" data-e-type=\"widget\" data-widget_type=\"heading.default\">\n\t\t\t\t\t<h2 class=\"elementor-heading-title elementor-size-default\">F\u00fcr jeden Einsatz das richtige Fahrzeug!<\/h2>\t\t\t\t<\/div>\n\t\t\t\t<div class=\"elementor-element elementor-element-4bea390 elementor-widget elementor-widget-text-editor\" data-id=\"4bea390\" data-element_type=\"widget\" data-e-type=\"widget\" data-widget_type=\"text-editor.default\">\n\t\t\t\t\t\t\t\t\t<p>So unterschiedlich wie unsere Aufgaben sind auch die Fahrzeuge in unserem Fuhrpark. Hier ein \u00dcberblick \u00fcber die aktuell zur Verf\u00fcgung stehenden Fahrze<span style=\"text-wrap-mode: initial; letter-spacing: -0.1px;\">uge.<\/span><\/p>\t\t\t\t\t\t\t\t<\/div>\n\t\t<div class=\"elementor-element elementor-element-62864d6 e-con-full e-flex e-con e-child\" data-id=\"62864d6\" data-element_type=\"container\" data-e-type=\"container\">\n\t\t<div class=\"elementor-element elementor-element-6ff8079 e-flex e-con-boxed e-con e-child\" data-id=\"6ff8079\" data-element_type=\"container\" data-e-type=\"container\">\n\t\t\t\t\t<div class=\"e-con-inner\">\n\t\t\t\t<div class=\"elementor-element elementor-element-389eb90 elementor-widget elementor-widget-heading\" data-id=\"389eb90\" data-element_type=\"widget\" data-e-type=\"widget\" data-widget_type=\"heading.default\">\n\t\t\t\t\t<h3 class=\"elementor-heading-title elementor-size-default\">Ger\u00e4tewagen Logistik\/Technik<\/h3>\t\t\t\t<\/div>\n\t\t\t\t<div class=\"elementor-element elementor-element-5e10a2c elementor-widget elementor-widget-image\" data-id=\"5e10a2c\" data-element_type=\"widget\" data-e-type=\"widget\" data-widget_type=\"image.default\">\n\t\t\t\t\t\t\t\t\t\t\t\t\t\t\t<img fetchpriority=\"high\" decoding=\"async\" width=\"899\" height=\"569\" src=\"https:\/\/staging.drk-luebbecke.de\/wp-content\/uploads\/2026\/01\/GW-Tech.jpg\" class=\"attachment-large size-large wp-image-363\" alt=\"\" srcset=\"https:\/\/staging.drk-luebbecke.de\/wp-content\/uploads\/2026\/01\/GW-Tech.jpg 899w, https:\/\/staging.drk-luebbecke.de\/wp-content\/uploads\/2026\/01\/GW-Tech-300x190.jpg 300w, https:\/\/staging.drk-luebbecke.de\/wp-content\/uploads\/2026\/01\/GW-Tech-768x486.jpg 768w\" sizes=\"(max-width: 899px) 100vw, 899px\" \/>\t\t\t\t\t\t\t\t\t\t\t\t\t\t\t<\/div>\n\t\t\t\t\t<\/div>\n\t\t\t\t<\/div>\n\t\t<div class=\"elementor-element elementor-element-819a9fb e-flex e-con-boxed e-con e-child\" data-id=\"819a9fb\" data-element_type=\"container\" data-e-type=\"container\">\n\t\t\t\t\t<div class=\"e-con-inner\">\n\t\t\t\t<div class=\"elementor-element elementor-element-c8f9165 elementor-widget elementor-widget-text-editor\" data-id=\"c8f9165\" data-element_type=\"widget\" data-e-type=\"widget\" data-widget_type=\"text-editor.default\">\n\t\t\t\t\t\t\t\t\t<p><em><span style=\"color: #808080;\">RK L\u00dcB 1 GW TECH 1\u00a0<br \/><\/span><\/em><br \/><span style=\"color: #808080;\">Mercedes \u2013 Benz <br \/><\/span><span style=\"color: #808080;\">V-MAX: 90 km\/h<br \/><\/span><span style=\"color: #808080;\">Baujahr:\u00a02007<br \/><\/span><span style=\"color: #808080;\">PS:\u00a0160<\/span><br \/><span style=\"color: #808080;\">Zuladung:\u00a02100 Kg<\/span><br \/><span style=\"color: #808080;\">Anh\u00e4ngelast: 3500 kg (gebremst)<\/span><\/p>\t\t\t\t\t\t\t\t<\/div>\n\t\t\t\t\t<\/div>\n\t\t\t\t<\/div>\n\t\t<div class=\"elementor-element elementor-element-4623e74 e-flex e-con-boxed e-con e-child\" data-id=\"4623e74\" data-element_type=\"container\" data-e-type=\"container\">\n\t\t\t\t\t<div class=\"e-con-inner\">\n\t\t\t\t<div class=\"elementor-element elementor-element-d6c323a elementor-widget elementor-widget-heading\" data-id=\"d6c323a\" data-element_type=\"widget\" data-e-type=\"widget\" data-widget_type=\"heading.default\">\n\t\t\t\t\t<h3 class=\"elementor-heading-title elementor-size-default\">Ausstattung (Auszug):<\/h3>\t\t\t\t<\/div>\n\t\t\t\t<div class=\"elementor-element elementor-element-2228a69 elementor-widget elementor-widget-text-editor\" data-id=\"2228a69\" data-element_type=\"widget\" data-e-type=\"widget\" data-widget_type=\"text-editor.default\">\n\t\t\t\t\t\t\t\t\t<p>Rocolift Ladebordwand 750 Kg<br \/>2 Seitliche T\u00fcren<br \/>LED Heckwarnanlage<br \/>Standheizung<br \/>R\u00fcckfahrkamera<br \/>LED Blaulichtanlage<\/p>\t\t\t\t\t\t\t\t<\/div>\n\t\t\t\t\t<\/div>\n\t\t\t\t<\/div>\n\t\t<div class=\"elementor-element elementor-element-0905028 e-con-full e-flex e-con e-child\" data-id=\"0905028\" data-element_type=\"container\" data-e-type=\"container\">\n\t\t\t\t<div class=\"elementor-element elementor-element-80f0178 elementor-widget elementor-widget-heading\" data-id=\"80f0178\" data-element_type=\"widget\" data-e-type=\"widget\" data-widget_type=\"heading.default\">\n\t\t\t\t\t<h3 class=\"elementor-heading-title elementor-size-default\">Im Einsatz als:<\/h3>\t\t\t\t<\/div>\n\t\t\t\t<div class=\"elementor-element elementor-element-b73baa4 elementor-widget elementor-widget-text-editor\" data-id=\"b73baa4\" data-element_type=\"widget\" data-e-type=\"widget\" data-widget_type=\"text-editor.default\">\n\t\t\t\t\t\t\t\t\t<ul><li>Transportfahrzeug im Rahmen unserer T\u00e4tigkeit, z.B. Nachschub Materialtransport<\/li><li>Zugfahrzeug des Technikanh\u00e4ngers<\/li><\/ul>\t\t\t\t\t\t\t\t<\/div>\n\t\t\t\t<\/div>\n\t\t<div class=\"elementor-element elementor-element-04122a9 e-flex e-con-boxed e-con e-child\" data-id=\"04122a9\" data-element_type=\"container\" data-e-type=\"container\">\n\t\t\t\t\t<div class=\"e-con-inner\">\n\t\t<div class=\"elementor-element elementor-element-155393a e-con-full e-flex e-con e-child\" data-id=\"155393a\" data-element_type=\"container\" data-e-type=\"container\">\n\t\t\t\t<div class=\"elementor-element elementor-element-4375a8a elementor-widget elementor-widget-heading\" data-id=\"4375a8a\" data-element_type=\"widget\" data-e-type=\"widget\" data-widget_type=\"heading.default\">\n\t\t\t\t\t<h3 class=\"elementor-heading-title elementor-size-default\">Ger\u00e4tewagen Sanit\u00e4tsdienst<\/h3>\t\t\t\t<\/div>\n\t\t\t\t<div class=\"elementor-element elementor-element-b87105e elementor-widget elementor-widget-image\" data-id=\"b87105e\" data-element_type=\"widget\" data-e-type=\"widget\" data-widget_type=\"image.default\">\n\t\t\t\t\t\t\t\t\t\t\t\t\t\t\t<img decoding=\"async\" width=\"1024\" height=\"647\" src=\"https:\/\/staging.drk-luebbecke.de\/wp-content\/uploads\/2026\/01\/GW-San-1024x647.jpg\" class=\"attachment-large size-large wp-image-361\" alt=\"\" srcset=\"https:\/\/staging.drk-luebbecke.de\/wp-content\/uploads\/2026\/01\/GW-San-1024x647.jpg 1024w, https:\/\/staging.drk-luebbecke.de\/wp-content\/uploads\/2026\/01\/GW-San-300x190.jpg 300w, https:\/\/staging.drk-luebbecke.de\/wp-content\/uploads\/2026\/01\/GW-San-768x486.jpg 768w, https:\/\/staging.drk-luebbecke.de\/wp-content\/uploads\/2026\/01\/GW-San.jpg 1082w\" sizes=\"(max-width: 1024px) 100vw, 1024px\" \/>\t\t\t\t\t\t\t\t\t\t\t\t\t\t\t<\/div>\n\t\t\t\t<div class=\"elementor-element elementor-element-a400b5b elementor-widget elementor-widget-text-editor\" data-id=\"a400b5b\" data-element_type=\"widget\" data-e-type=\"widget\" data-widget_type=\"text-editor.default\">\n\t\t\t\t\t\t\t\t\t<p><em><span style=\"color: #808080;\">RK MI EE 03 GW-SAN <br \/><\/span><\/em><br \/><span style=\"color: #808080;\">Mercedes \u2013 Benz <br \/><\/span><span style=\"color: #808080;\">V-MAX: 120 km\/h<br \/>Baujahr: 2009<br \/>PS: 160<\/span><\/p>\t\t\t\t\t\t\t\t<\/div>\n\t\t\t\t<\/div>\n\t\t\t\t<div class=\"elementor-element elementor-element-d279015 elementor-widget elementor-widget-heading\" data-id=\"d279015\" data-element_type=\"widget\" data-e-type=\"widget\" data-widget_type=\"heading.default\">\n\t\t\t\t\t<h3 class=\"elementor-heading-title elementor-size-default\">Ausstattung (Auszug):<\/h3>\t\t\t\t<\/div>\n\t\t\t\t<div class=\"elementor-element elementor-element-aab75b9 elementor-widget elementor-widget-text-editor\" data-id=\"aab75b9\" data-element_type=\"widget\" data-e-type=\"widget\" data-widget_type=\"text-editor.default\">\n\t\t\t\t\t\t\t\t\t<p>10 Rucks\u00e4cke<br \/>10 Krankentragen Klappbar<br \/>3 Schaufeltragen<br \/>5 Spineboard<br \/>Aufblasbares 30 m2 Zelt<br \/>Zeltheizung Remko 25 Kw<br \/>Beleuchtungsmaterial<br \/>Stromaggregat 6 KvA<br \/>Hygienemodul<br \/>6 St\u00fchle<\/p>\t\t\t\t\t\t\t\t<\/div>\n\t\t\t\t<div class=\"elementor-element elementor-element-bf39bb2 elementor-widget elementor-widget-heading\" data-id=\"bf39bb2\" data-element_type=\"widget\" data-e-type=\"widget\" data-widget_type=\"heading.default\">\n\t\t\t\t\t<h3 class=\"elementor-heading-title elementor-size-default\">Im Einsatz als:<\/h3>\t\t\t\t<\/div>\n\t\t<div class=\"elementor-element elementor-element-ca9125e e-con-full e-flex e-con e-child\" data-id=\"ca9125e\" data-element_type=\"container\" data-e-type=\"container\">\n\t\t\t\t<div class=\"elementor-element elementor-element-062e98e elementor-widget elementor-widget-text-editor\" data-id=\"062e98e\" data-element_type=\"widget\" data-e-type=\"widget\" data-widget_type=\"text-editor.default\">\n\t\t\t\t\t\t\t\t\t<p>Gro\u00dfschadenslagen<\/p>\n<ul>\n<li>Betrieb von Behandlungspl\u00e4tzen, z. B. bei Evakuierungen von Bombenentsch\u00e4rfungen<\/li>\n<li>Autarke Behandlung von bis zu 25 Verletzten in Patientenablage bei gro\u00dfen Unf\u00e4llen, Feuer, etc.<\/li>\n<li style=\"list-style-type: none;\">\u00a0<\/li>\n<\/ul>\t\t\t\t\t\t\t\t<\/div>\n\t\t\t\t<\/div>\n\t\t\t\t\t<\/div>\n\t\t\t\t<\/div>\n\t\t\t\t<\/div>\n\t\t\t\t<\/div>\n\t\t\t\t<\/div>\n\t\t","protected":false},"excerpt":{"rendered":"<p>F\u00fcr jeden Einsatz das richtige Fahrzeug! So unterschiedlich wie unsere Aufgaben sind auch die Fahrzeuge in unserem Fuhrpark. Hier ein \u00dcberblick \u00fcber die aktuell zur Verf\u00fcgung stehenden Fahrzeuge. Ger\u00e4tewagen Logistik\/Technik RK L\u00dcB 1 GW TECH 1\u00a0Mercedes \u2013 Benz V-MAX: 90 km\/hBaujahr:\u00a02007PS:\u00a0160Zuladung:\u00a02100 KgAnh\u00e4ngelast: 3500 kg (gebremst) Ausstattung (Auszug): Rocolift Ladebordwand 750 Kg2 Seitliche T\u00fcrenLED HeckwarnanlageStandheizungR\u00fcckfahrkameraLED Blaulichtanlage [&hellip;]<\/p>\n","protected":false},"author":1,"featured_media":0,"parent":2,"menu_order":0,"comment_status":"closed","ping_status":"closed","template":"","meta":{"footnotes":""},"class_list":["post-359","page","type-page","status-publish","hentry"],"_links":{"self":[{"href":"https:\/\/staging.drk-luebbecke.de\/index.php\/wp-json\/wp\/v2\/pages\/359","targetHints":{"allow":["GET"]}}],"collection":[{"href":"https:\/\/staging.drk-luebbecke.de\/index.php\/wp-json\/wp\/v2\/pages"}],"about":[{"href":"https:\/\/staging.drk-luebbecke.de\/index.php\/wp-json\/wp\/v2\/types\/page"}],"author":[{"embeddable":true,"href":"https:\/\/staging.drk-luebbecke.de\/index.php\/wp-json\/wp\/v2\/users\/1"}],"replies":[{"embeddable":true,"href":"https:\/\/staging.drk-luebbecke.de\/index.php\/wp-json\/wp\/v2\/comments?post=359"}],"version-history":[{"count":16,"href":"https:\/\/staging.drk-luebbecke.de\/index.php\/wp-json\/wp\/v2\/pages\/359\/revisions"}],"predecessor-version":[{"id":389,"href":"https:\/\/staging.drk-luebbecke.de\/index.php\/wp-json\/wp\/v2\/pages\/359\/revisions\/389"}],"up":[{"embeddable":true,"href":"https:\/\/staging.drk-luebbecke.de\/index.php\/wp-json\/wp\/v2\/pages\/2"}],"wp:attachment":[{"href":"https:\/\/staging.drk-luebbecke.de\/index.php\/wp-json\/wp\/v2\/media?parent=359"}],"curies":[{"name":"wp","href":"https:\/\/api.w.org\/{rel}","templated":true}]}}